{"version":"1.0","provider_name":"Comercial Valdez","provider_url":"https:\/\/www.comercialvaldez.com\/en","title":"Cama Bellanova - Comercial Valdez","type":"rich","width":600,"height":338,"html":"<blockquote class=\"wp-embedded-content\" data-secret=\"jl2D7FOrCp\"><a href=\"https:\/\/www.comercialvaldez.com\/en\/product\/cama-bellanova\/\">Cama Bellanova<\/a><\/blockquote><iframe sandbox=\"allow-scripts\" security=\"restricted\" src=\"https:\/\/www.comercialvaldez.com\/en\/product\/cama-bellanova\/embed\/#?secret=jl2D7FOrCp\" width=\"600\" height=\"338\" title=\"&#8220;Cama Bellanova&#8221; &#8212; Comercial Valdez\" data-secret=\"jl2D7FOrCp\" frameborder=\"0\" marginwidth=\"0\" marginheight=\"0\" scrolling=\"no\" class=\"wp-embedded-content\"><\/iframe><script type=\"text\/javascript\">\n\/* <![CDATA[ *\/\n\/*! This file is auto-generated *\/\n!function(d,l){\"use strict\";l.querySelector&&d.addEventListener&&\"undefined\"!=typeof URL&&(d.wp=d.wp||{},d.wp.receiveEmbedMessage||(d.wp.receiveEmbedMessage=function(e){var t=e.data;if((t||t.secret||t.message||t.value)&&!\/[^a-zA-Z0-9]\/.test(t.secret)){for(var s,r,n,a=l.querySelectorAll('iframe[data-secret=\"'+t.secret+'\"]'),o=l.querySelectorAll('blockquote[data-secret=\"'+t.secret+'\"]'),c=new RegExp(\"^https?:$\",\"i\"),i=0;i<o.length;i++)o[i].style.display=\"none\";for(i=0;i<a.length;i++)s=a[i],e.source===s.contentWindow&&(s.removeAttribute(\"style\"),\"height\"===t.message?(1e3<(r=parseInt(t.value,10))?r=1e3:~~r<200&&(r=200),s.height=r):\"link\"===t.message&&(r=new URL(s.getAttribute(\"src\")),n=new URL(t.value),c.test(n.protocol))&&n.host===r.host&&l.activeElement===s&&(d.top.location.href=t.value))}},d.addEventListener(\"message\",d.wp.receiveEmbedMessage,!1),l.addEventListener(\"DOMContentLoaded\",function(){for(var e,t,s=l.querySelectorAll(\"iframe.wp-embedded-content\"),r=0;r<s.length;r++)(t=(e=s[r]).getAttribute(\"data-secret\"))||(t=Math.random().toString(36).substring(2,12),e.src+=\"#?secret=\"+t,e.setAttribute(\"data-secret\",t)),e.contentWindow.postMessage({message:\"ready\",secret:t},\"*\")},!1)))}(window,document);\n\/* ]]> *\/\n<\/script>","thumbnail_url":"https:\/\/www.comercialvaldez.com\/wp-content\/uploads\/2023\/09\/Diseno_sin_titulo__3_-removebg-preview.png","thumbnail_width":612,"thumbnail_height":408,"description":"La Cama Liana es un mueble perfecto para los amantes del descanso y comodidad, ya que combina estilos tradicionales y creativos, gracias a la combinaci\u00f3n de la madera con sus nuevos dise\u00f1os peculiares con las que cuenta.\u00a0  1. Se utiliza Madera de Laurel del Oriente \u00a0  2. Tratamientos con Tekil para la Polilla\u00a0  3. Implementaci\u00f3n de Lacas Catalizadas para otorgar una textura suave y delicada\u00a0  4. Dise\u00f1o con implementaci\u00f3n de Triplex Decorativo \u00a0  5. Utilizaci\u00f3n de Decorlac Semi-mate para los \u00faltimos detalles \u00a0  6. F\u00e1cil instalaci\u00f3n: Producto de f\u00e1cil instalaci\u00f3n\u00a0  7. Garant\u00eda: 2 a\u00f1o\u00a0"}